{"id":13830,"date":"2026-01-30T06:36:21","date_gmt":"2026-01-30T06:36:21","guid":{"rendered":"https:\/\/vetatourism.com\/?post_type=product&#038;p=13830"},"modified":"2026-03-09T05:50:13","modified_gmt":"2026-03-09T05:50:13","slug":"belek-sea-fishing-tour-all-inclusive","status":"publish","type":"product","link":"https:\/\/vetatourism.com\/tours\/belek-sea-fishing-tour-all-inclusive","title":{"rendered":"Belek Deniz Bal\u0131k\u00e7\u0131l\u0131\u011f\u0131 Turu - Her \u015eey Dahil"},"content":{"rendered":"<div data-start=\"1397\" data-end=\"1583\">G\u00fcn\u00fcn\u00fcz Belek'teki otelinizden al\u0131nman\u0131z ve ard\u0131ndan marinaya transferinizle ba\u015flar. G\u00fcler y\u00fczl\u00fc kaptan\u0131n\u0131z ve m\u00fcrettebat\u0131n\u0131zla tan\u0131\u015f\u0131n, ard\u0131ndan geleneksel bir bal\u0131k\u00e7\u0131 teknesiyle denize a\u00e7\u0131l\u0131n.<\/div>\n<div data-start=\"1585\" data-end=\"1849\">Deneyimli kaptan, y\u00fcksek kaliteli ekipman kullanarak 30 ila 60 metre aras\u0131nda de\u011fi\u015fen derinliklerde bal\u0131k tutaca\u011f\u0131n\u0131z en iyi bal\u0131k\u00e7\u0131l\u0131k noktalar\u0131na kadar size rehberlik edecektir. \u0130ster bal\u0131k\u00e7\u0131l\u0131kta yeni olun, ister tecr\u00fcbeli bir olta bal\u0131k\u00e7\u0131s\u0131, m\u00fcrettebat ba\u015far\u0131l\u0131 ve keyifli bir deneyim ya\u015faman\u0131z\u0131 sa\u011flayacakt\u0131r.<\/div>\n<div data-start=\"1851\" data-end=\"2003\">Denizdeyken, gemide servis edilen lezzetli bir kahvalt\u0131 ve \u00f6\u011fle yeme\u011finin tad\u0131n\u0131 \u00e7\u0131kar\u0131n. Ayr\u0131ca muhte\u015fem Akdeniz sular\u0131nda y\u00fczme ve rahatlama f\u0131rsat\u0131na da sahip olacaks\u0131n\u0131z.<\/div>\n<div data-start=\"2005\" data-end=\"2145\">Bal\u0131k tutma sabah\u0131n\u0131n ard\u0131ndan marinaya geri d\u00f6n\u00fcn ve unutulmaz an\u0131lar ve yakalad\u0131\u011f\u0131n\u0131z bal\u0131ktan duydu\u011funuz memnuniyetle otelinize d\u00f6n\u00fcn.<\/div>\n<div data-start=\"2005\" data-end=\"2145\"><\/div>\n<hr \/>\n<p>&nbsp;<\/p>\n<div class=\"tour-content-what-included\">\n<h4 id=\"whats-included\">Neler Dahil<\/h4>\n<ul style=\"column-count: 2;\">\n<li>Sabah 06:45 - Belek otellerinden al\u0131nma<\/li>\n<li>Marinada kaptan\u0131n\u0131z ve m\u00fcrettebat\u0131n\u0131zla tan\u0131\u015f\u0131n<\/li>\n<li>Derin deniz bal\u0131k\u00e7\u0131l\u0131\u011f\u0131 i\u00e7in en iyi bal\u0131k\u00e7\u0131l\u0131k noktalar\u0131na gidin<\/li>\n<li>Gemide kahvalt\u0131 ve \u00f6\u011fle yeme\u011fi servisi<\/li>\n<li>\u0130ste\u011fe ba\u011fl\u0131 y\u00fczme ve dinlenme molalar\u0131<\/li>\n<li>Limana d\u00f6n\u00fc\u015f ve \u00f6\u011flene kadar otele b\u0131rakma<\/li>\n<\/ul>\n<\/div>\n<hr \/>\n<p>&nbsp;<\/p>\n<div class=\"tour-content-add-information\">\n<h4>ek bilgi<\/h4>\n<ul>\n<li>S\u00fcre: yakla\u015f\u0131k 5-5,5 saat<\/li>\n<li>G\u00fcnl\u00fck sabah kalk\u0131\u015flar\u0131<\/li>\n<li>Deneyim gerektirmez<\/li>\n<li>Rahat bir deneyim i\u00e7in k\u00fc\u00e7\u00fck grup turu<\/li>\n<\/ul>\n<p>&nbsp;<\/p>\n<\/div>\n<hr \/>\n<p>&nbsp;<\/p>\n<div class=\"tour-content-cancell-policy\">\n<p><strong>Ne Getirmeli<\/strong><\/p>\n<ul style=\"column-count: 2;\">\n<li>Rahat k\u0131yafetler\ud83d\udc55<\/li>\n<li>G\u00fcne\u015f \ud83e\uddf4<\/li>\n<li>Mayo ve havlu <img decoding=\"async\" class=\"emoji\" role=\"img\" draggable=\"false\" src=\"https:\/\/s.w.org\/images\/core\/emoji\/17.0.2\/svg\/1fa71.svg\" alt=\"\ud83e\ude71\" \/><\/li>\n<li>Kamera veya ak\u0131ll\u0131 telefon \ud83d\udcf1<\/li>\n<li>Ki\u015fisel harcamalar i\u00e7in nakit <img decoding=\"async\" class=\"emoji\" role=\"img\" draggable=\"false\" src=\"https:\/\/s.w.org\/images\/core\/emoji\/17.0.2\/svg\/1f4b3.svg\" alt=\"\ud83d\udcb3\" \/><\/li>\n<\/ul>\n<\/div>","protected":false},"excerpt":{"rendered":"<p>Belek'ten derin deniz bal\u0131k\u00e7\u0131l\u0131\u011f\u0131 turuna kat\u0131l\u0131n. Otel transferleri dahil bal\u0131k tutman\u0131n, Akdeniz'de y\u00fczmenin ve teknede kahvalt\u0131 ve \u00f6\u011fle yeme\u011finin tad\u0131n\u0131 \u00e7\u0131kar\u0131n.<\/p>","protected":false},"featured_media":13821,"comment_status":"open","ping_status":"closed","template":"","meta":[],"product_brand":[],"product_cat":[15],"product_tag":[],"class_list":{"0":"post-13830","1":"product","2":"type-product","3":"status-publish","4":"has-post-thumbnail","6":"tour_phys-tours","7":"product_cat-non-classe","8":"pa_destination-belek","10":"first","11":"instock","12":"sale","13":"shipping-taxable","14":"purchasable","15":"product-type-tour_phys"},"_links":{"self":[{"href":"https:\/\/vetatourism.com\/tr\/wp-json\/wp\/v2\/product\/13830","targetHints":{"allow":["GET"]}}],"collection":[{"href":"https:\/\/vetatourism.com\/tr\/wp-json\/wp\/v2\/product"}],"about":[{"href":"https:\/\/vetatourism.com\/tr\/wp-json\/wp\/v2\/types\/product"}],"replies":[{"embeddable":true,"href":"https:\/\/vetatourism.com\/tr\/wp-json\/wp\/v2\/comments?post=13830"}],"wp:featuredmedia":[{"embeddable":true,"href":"https:\/\/vetatourism.com\/tr\/wp-json\/wp\/v2\/media\/13821"}],"wp:attachment":[{"href":"https:\/\/vetatourism.com\/tr\/wp-json\/wp\/v2\/media?parent=13830"}],"wp:term":[{"taxonomy":"product_brand","embeddable":true,"href":"https:\/\/vetatourism.com\/tr\/wp-json\/wp\/v2\/product_brand?post=13830"},{"taxonomy":"product_cat","embeddable":true,"href":"https:\/\/vetatourism.com\/tr\/wp-json\/wp\/v2\/product_cat?post=13830"},{"taxonomy":"product_tag","embeddable":true,"href":"https:\/\/vetatourism.com\/tr\/wp-json\/wp\/v2\/product_tag?post=13830"}],"curies":[{"name":"wp","href":"https:\/\/api.w.org\/{rel}","templated":true}]}}