{"id":13904,"date":"2026-01-30T09:54:21","date_gmt":"2026-01-30T09:54:21","guid":{"rendered":"https:\/\/vetatourism.com\/?post_type=product&#038;p=13904"},"modified":"2026-03-09T05:49:16","modified_gmt":"2026-03-09T05:49:16","slug":"the-land-of-legends-theme-park-tour-from-belek-waterpark","status":"publish","type":"product","link":"https:\/\/vetatourism.com\/tours\/the-land-of-legends-theme-park-tour-from-belek-waterpark","title":{"rendered":"Wycieczka po parku tematycznego \"Kraina legend\" z \u0411\u0435\u043b\u0435\u043a\u0430 - park Wodny"},"content":{"rendered":"<p data-start=\"1356\" data-end=\"1705\">Zacznij sw\u00f3j dzie\u0144 z wygodnego transferu z \u0411\u0435\u043b\u0435\u043a\u0430, \u041a\u0430\u0434\u0440\u0438\u0435 lub \u0411\u043e\u0433\u0430\u0437\u043a\u0435\u043d\u0442\u0430 w parku rozrywki \"Kraina legend\" w Belek. Udaj si\u0119 prosto w przygod\u0119 na \u043a\u0430\u0431\u043e\u0442\u0430\u0436\u043d\u043e\u043c statku Hyper wysoko\u015bci 62 m lub ciesz si\u0119 spadkiem 43-metrowego \u043a\u0430\u0431\u043e\u0442\u0430\u0436\u043d\u043e\u0433\u043e statku Typhoon. Tutaj ponad 40 zje\u017cd\u017calni, i ka\u017cdy u\u017cytkownik \u2014 od dzieci do mi\u0142o\u015bnik\u00f3w adrenaliny znajdzie atrakcj\u0119 dla siebie.<\/p>\n<p data-start=\"1707\" data-end=\"1949\">Rodziny mog\u0105 bada\u0107 <strong data-start=\"1728\" data-end=\"1748\">Ziemia \u041d\u0438\u043a\u0435\u043b\u043e\u0434\u0435\u043e\u043d\u0430<\/strong>, gdzie ulubione postacie, takie jak Spongebob i Patrol \u0141ap, tworz\u0105 niezapomniane wspomnienia. Czy szukasz energiczne atrakcje lub relaksuj\u0105ce chwile przy basenie, w parku znajdzie si\u0119 co\u015b dla ka\u017cdego.<\/p>\n<p data-start=\"1951\" data-end=\"2130\">Sp\u0119dzi\u0107 dzie\u0144 zwiedzania olbrzymie baseny, tematyczne zje\u017cd\u017calnie, strefy aktywnego wypoczynku i animowane pokazy. Po kilku godzinach niepokoj\u00f3w i rodzinnej zabawy ciesz si\u0119 komfortowym busem z powrotem do hotelu.<\/p>\n<p>&nbsp;<\/p>\n<hr \/>\n<p>&nbsp;<\/p>\n<div class=\"tour-content-what-included\">\n<h4 id=\"whats-included\">Co wchodzi w zestaw<\/h4>\n<ul style=\"column-count: 2;\">\n<li>Odbi\u00f3r w\u0142asny z hoteli w Belek, \u041a\u0430\u0434\u0440\u0438\u0435 i \u0411\u043e\u0433\u0430\u0437\u043a\u0435\u043d\u0442\u0435<\/li>\n<li>Przylot do Krainy legend w Belek<\/li>\n<li>Czas wolny na zwiedzanie, parku wodnego i Nickelodeon Land (oko\u0142o 5-6 godzin)<\/li>\n<li>Transfer powrotny do hotelu<\/li>\n<\/ul>\n<\/div>\n<p>&nbsp;<\/p>\n<hr \/>\n<p>&nbsp;<\/p>\n<div class=\"tour-content-add-information\">\n<h4>Dodatkowe informacje<\/h4>\n<ul>\n<li>Czas trwania: oko\u0142o 7-8 godzin (wycieczka na ca\u0142y dzie\u0144)<\/li>\n<li>Przystosowany dla os\u00f3b niepe\u0142nosprawnych<\/li>\n<li>Wymagana jest umiarkowana aktywno\u015b\u0107 fizyczna<\/li>\n<li>Voucher nale\u017cy wymieni\u0107 w kasie<\/li>\n<li>Godziny otwarcia parku mog\u0105 r\u00f3\u017cni\u0107 si\u0119 w zale\u017cno\u015bci od sezonu<\/li>\n<\/ul>\n<p>&nbsp;<\/p>\n<\/div>\n<hr \/>\n<p>&nbsp;<\/p>\n<div class=\"tour-content-cancell-policy\">\n<p><strong>Co zabra\u0107 ze sob\u0105<\/strong><\/p>\n<ul style=\"column-count: 2;\">\n<li>Str\u00f3j k\u0105pielowy i r\u0119cznik \ud83d\udc59<\/li>\n<li>Wodne buty \ud83d\udc5f<\/li>\n<li>Pieni\u0105dze na osobiste wydatki \ud83d\udcb5<\/li>\n<\/ul>\n<\/div>","protected":false},"excerpt":{"rendered":"<p>Zapraszamy na wycieczki po parku tematycznego \"Kraina legend\" z \u0411\u0435\u043b\u0435\u043a\u0430! Najwi\u0119kszy park wodny Turcja oferuje ekstremalne zje\u017cd\u017calnie, \"\u041d\u0438\u043a\u0435\u043b\u043e\u0434\u0435\u043e\u043d Lend\", baseny i rozrywka dla ca\u0142ej rodziny \u2014 a wszystko to z w\u0142\u0105czonym transferem z hotelu.<\/p>","protected":false},"featured_media":13898,"comment_status":"open","ping_status":"closed","template":"","meta":[],"product_brand":[],"product_cat":[15],"product_tag":[],"class_list":{"0":"post-13904","1":"product","2":"type-product","3":"status-publish","4":"has-post-thumbnail","6":"tour_phys-tours","7":"product_cat-non-classe","8":"pa_destination-belek","10":"first","11":"instock","12":"sale","13":"shipping-taxable","14":"purchasable","15":"product-type-tour_phys"},"_links":{"self":[{"href":"https:\/\/vetatourism.com\/pl\/wp-json\/wp\/v2\/product\/13904","targetHints":{"allow":["GET"]}}],"collection":[{"href":"https:\/\/vetatourism.com\/pl\/wp-json\/wp\/v2\/product"}],"about":[{"href":"https:\/\/vetatourism.com\/pl\/wp-json\/wp\/v2\/types\/product"}],"replies":[{"embeddable":true,"href":"https:\/\/vetatourism.com\/pl\/wp-json\/wp\/v2\/comments?post=13904"}],"wp:featuredmedia":[{"embeddable":true,"href":"https:\/\/vetatourism.com\/pl\/wp-json\/wp\/v2\/media\/13898"}],"wp:attachment":[{"href":"https:\/\/vetatourism.com\/pl\/wp-json\/wp\/v2\/media?parent=13904"}],"wp:term":[{"taxonomy":"product_brand","embeddable":true,"href":"https:\/\/vetatourism.com\/pl\/wp-json\/wp\/v2\/product_brand?post=13904"},{"taxonomy":"product_cat","embeddable":true,"href":"https:\/\/vetatourism.com\/pl\/wp-json\/wp\/v2\/product_cat?post=13904"},{"taxonomy":"product_tag","embeddable":true,"href":"https:\/\/vetatourism.com\/pl\/wp-json\/wp\/v2\/product_tag?post=13904"}],"curies":[{"name":"wp","href":"https:\/\/api.w.org\/{rel}","templated":true}]}}